{"id":4362,"date":"2023-02-26T08:56:09","date_gmt":"2023-02-26T07:56:09","guid":{"rendered":"https:\/\/pipol11.pipolcongres.eu\/sorganiser\/"},"modified":"2023-02-26T09:50:46","modified_gmt":"2023-02-26T08:50:46","slug":"organizacion","status":"publish","type":"page","link":"https:\/\/pipol11.pipolcongres.eu\/es\/organizacion\/","title":{"rendered":"Organizaci\u00f3n"},"content":{"rendered":"<div class=\"pf-content\"><h2 style=\"text-align: center;\"><strong>Desplazarse por Bruselas<\/strong><\/h2>\n<p>La r\u00fabrica \u00ab\u00a0B\u00fasqueda de itinerarios\u00a0\u00bb del sitio web de la STIB, Sociedad de Transporte P\u00fablico de Bruselas\u00a0:<br \/>\n<a href=\"http:\/\/www.stib-mivb.be\/tripplanner\/?l=fr\">http:\/\/www.stib-mivb.be\/tripplanner\/?l=fr<\/a><\/p>\n<p>La r\u00fabrica \u00ab\u00a0B\u00fasqueda de itinerarios\u00a0\u00bb del sitio de la SNCB, Sociedad Nacional de Ferrocarriles Belgas\u00a0:<br \/>\n<a href=\"http:\/\/www.belgianrail.be\/\">http:\/\/www.belgianrail.be<\/a><\/p>\n<p>Algunas compa\u00f1\u00edas de taxis\u00a0:<br \/>\n<a href=\"http:\/\/www.taxi-bruxelles.be\/\">http:\/\/www.taxi-bruxelles.be<br \/>\n<\/a><a href=\"http:\/\/www.taxisverts.be\/\">http:\/\/www.taxisverts.be<br \/>\n<\/a>http:\/\/<a href=\"http:\/\/www.taxisbleus.be\/\">www.taxisbleus.be<\/a><\/p>\n<h2 style=\"text-align: center;\"><strong>Hospedarse<\/strong><strong> en Bruselas<\/strong><\/h2>\n<p>Los participantes de las jornadas PIPOL 11 que deseen alojarse en Bruselas el fin de semana del congreso, encontrar\u00e1n a continuaci\u00f3n toda la informaci\u00f3n necesaria para encontrar un alojamiento adecuado a sus necesidades\u00a0:<\/p>\n<h4><strong><em>PARA LOS M\u00c1S PREVISORES<\/em><\/strong>\u00a0<strong><em>: <\/em><\/strong><\/h4>\n<p><em>Brussels Booking<\/em><em> Desk<\/em> es un servicio de la Oficina de Turismo de la Ciudad de Bruselas que se encarga gratuitamente de negociar promociones en pedidos grupales de habitaciones en hoteles.<\/p>\n<p><strong>Hemos trabajado en colaboraci<\/strong><strong>\u00f3<\/strong><strong>n con ellos para ofrecerle<\/strong><strong>s<\/strong><strong> esta plataforma de reservas. <\/strong><\/p>\n<p>Este servicio es gratuito para los asistentes al congreso, permite obtener precios m\u00e1s baratos que la mayor\u00eda de los sitios de reservas en l\u00ednea y propone un enfoque m\u00e1s \u00e9tico en la negociaci\u00f3n con los hoteleros. <strong>Queremos advertirles sobre la realidad de la subida de precios en el sector HORECA. Las tarifas de este a\u00f1o pueden parecer elevadas en comparaci\u00f3n con ediciones anteriores de PIPOL, pero actualmente son las m\u00e1s bajas. <\/strong><\/p>\n<p><strong>Los participantes pueden reservarlas hasta un mes antes de la fecha del congreso. El n\u00famero de habitaciones disponibles para los participantes es limitado, por lo que le rogamos que planifique con antelaci\u00f3n si desea beneficiar de este servicio.<\/strong><\/p>\n<p>&nbsp;<\/p>\n<p>\u00a1\u00a0Reserve en l\u00ednea\u00a0! \u00a1\u00a0Confirmaci\u00f3n de reserva directa\u00a0!<\/p>\n<p>Para poder beneficiar de la tarifa preferencial anunciada, la reserva debe hacerse en Brussels Booking Desk <strong>antes del mi\u00e9rcoles 31 de mayo de 2023, utilizando el siguiente enlace\u00a0: <\/strong><br \/>\n<a href=\"https:\/\/secure.hotel.visitbrussels.be\/event\/pipol-11\/congress\/search\">https:\/\/secure.hotel.visitbrussels.be\/event\/pipol-11\/congress\/search<\/a><\/p>\n<p><strong>\u00bfNecesita ayuda? \u00bfReserva en grupo?<\/strong><\/p>\n<p>Olivier Nussbaum, Managing Director, Brussels Booking Desk<br \/>\nTel\u00e9fono\u00a0: 0032 498 71 75 42<br \/>\nE-mail\u00a0: <a href=\"mailto:o.nussbaum@brusselsbookingdesk.be\">o.nussbaum@brusselsbookingdesk.be<\/a><\/p>\n<h4><strong><em>PARA LOS ORGANIZADOS\u00a0: <\/em><\/strong><\/h4>\n<p>Varios sitios conocidos de reservas en l\u00ednea le permiten reservar r\u00e1pidamente una habitaci\u00f3n de hotel cerca del Palacio de Congresos o del transporte p\u00fablico para llegar f\u00e1cilmente\u00a0:<br \/>\n<a href=\"http:\/\/www.booking.com\/\">http:\/\/www.booking.com<br \/>\n<\/a><a href=\"https:\/\/www.tripadvisor.be\/\">https:\/\/www.tripadvisor.be<br \/>\n<\/a><a href=\"http:\/\/www.lastminute.com\/\">http:\/\/www.lastminute.com<\/a><\/p>\n<p>Un comparador de precios le permite consultarlos simult\u00e1neamente para ver la oferta m\u00e1s econ\u00f3mica\u00a0:<br \/>\n<a href=\"http:\/\/hotelabruxelles.com\/\">http:\/\/hotelabruxelles.com<\/a><\/p>\n<p>Tambi\u00e9n contiene un repertorio de sitios de Bruselas con valiosa informaci\u00f3n sobre las habitaciones en casas particulares, \u00ab\u00a0Bed and Breakfasts\u00a0\u00bb, restaurantes, servicios de taxi, actividades culturales y de bienestar, etc.\u00a0:<br \/>\n<a href=\"http:\/\/hotelabruxelles.com\/sites-utiles.htm\">http:\/\/hotelabruxelles.com\/sites-utiles.htm<\/a><\/p>\n<h4><strong><em>PARA LOS <\/em><\/strong><strong><em>Peque\u00f1os<\/em><\/strong><strong><em> PRESUPUESTOS<\/em><\/strong>\u00a0<strong><em>: <\/em><\/strong><\/h4>\n<p>Algunos sitios en l\u00ednea, que requieren registro, ofrecen alojamiento privado a m\u00f3dicos precios o sillones-cama y habitaciones en casas particulares\u00a0:<br \/>\n<a href=\"https:\/\/www.airbnb.be\/\">https:\/\/www.airbnb.be<br \/>\n<\/a><a href=\"https:\/\/www.couchsurfing.com\/\">https:\/\/www.couchsurfing.com<\/a><\/p>\n<p>Con el fin de garantizar que todos puedan encontrar d\u00f3nde alojarse, tambi\u00e9n se ofrecer\u00e1 alojamiento a los colegas m\u00e1s j\u00f3venes que lo soliciten, en funci\u00f3n de la disponibilidad de lugares, con colegas que vivan en Bruselas y dispongan de una o varias plazas. Las solicitudes y la informaci\u00f3n sobre las plazas disponibles deben enviarse por correo electr\u00f3nico a Chiara Aquino a la siguiente direcci\u00f3n\u00a0: <a href=\"mailto:chiara.aquinobenitez@gmail.com\">chiara.aquinobenitez@gmail.com<\/a>.<\/p>\n<h2 style=\"text-align: center;\"><strong>\u00bfC\u00f3mo llegar a Bruselas<\/strong><\/h2>\n<h4><strong>EN AVION\u00a0: <\/strong><\/h4>\n<p>Para reservar su vuelo al mejor precio, no dude en consultar un comparador de precios en l\u00ednea como\u00a0: <a href=\"http:\/\/www.billet-avion.be\">www.billet-avion.be<\/a>\u00a0&#8211;\u00a0<a href=\"http:\/\/www.momondo.be\/\">http:\/\/www.momondo.be<\/a>\u00a0&#8211;\u00a0<a href=\"http:\/\/www.jetcost.com\/\">http:\/\/www.jetcost.com<\/a>\u00a0&#8211;\u00a0<a href=\"http:\/\/www.comparateur-billet-avion.fr\/\">http:\/\/www.comparateur-billet-avion.fr<\/a>\u00a0&#8211;\u00a0\u00a0<a href=\"https:\/\/www.opodo.fr\/\">https:\/\/www.opodo.fr\/<\/a>)\u00a0\u2013 etc.<\/p>\n<p>Para ir del aeropuerto de Zaventem a Bruselas Centro, hay un tren (<a href=\"https:\/\/www.belgiantrain.be\/fr\">https:\/\/www.belgiantrain.be\/fr<\/a>) muy frecuente desde el aeropuerto que se detiene en la Estaci\u00f3n Central (a proximidad del congreso).<\/p>\n<p>Para ir desde Charleroi, es un trayecto m\u00e1s extenso, un autob\u00fas sale del aeropuerto y se detiene en la Gare du Midi, donde puede tomar tranv\u00edas y metros (<a href=\"https:\/\/www.stib-mivb.be\/index.htm?l=fr\">https:\/\/www.stib-mivb.be\/index.htm?l=fr<\/a>) al centro de la ciudad y a la Estaci\u00f3n Central.<\/p>\n<h4><strong>EN TREN\u00a0: <\/strong><\/h4>\n<p>Como a\u00fan no se han anunciado los precios ni los horarios, podr\u00e1 hacerse una idea de las tarifas de junio a partir de abril. No hay grandes diferencias de precio si reserva un billete de jueves a lunes o de s\u00e1bado a domingo. No obstante, los precios pueden variar en funci\u00f3n del momento de la reserva (apertura con 3 meses de antelaci\u00f3n) y del horario (precios m\u00e1s elevados en horas pico).<\/p>\n<p><strong>Desde Francia, <\/strong>el Thalys se detiene en la Gare du Midi; a continuaci\u00f3n, tome un tren o el metro hasta la Gare Centrale para llegar al congreso y al centro de la ciudad (<a href=\"https:\/\/www.thalys.com\/\">https:\/\/www.thalys.com<\/a>). Precio, unos 110 euros (cifra estimada de febrero de 2023) en los horarios m\u00e1s ventajosos. <strong>Desde Gran Breta\u00f1a, <\/strong>el Eurostar tambi\u00e9n se detiene en la Gare du Midi; despu\u00e9s, tome un tren o el metro hasta la Gare Centrale para llegar al congreso y al centro de la ciudad (<a href=\"http:\/\/www.eurostar.com\/\">http:\/\/www.eurostar.com<\/a>). <strong>Desde los Pa\u00edses Bajos, <\/strong>el Thalys se detiene en la Gare du Midi; a continuaci\u00f3n, tome un tren o el metro hasta la Gare Centrale para llegar al congreso y al centro de la ciudad (<a href=\"https:\/\/www.thalys.com\/\">https:\/\/www.thalys.com<\/a>). <strong>Desde Suiza, <\/strong>un tren directo se detiene en la Gare du Midi; a continuaci\u00f3n, tome un tren o el metro hasta la Gare Centrale para llegar al congreso y al centro de la ciudad (<a href=\"https:\/\/www.b-europe.com\/\">https:\/\/www.b-europe.com<\/a>).<\/p>\n<h4><strong>EN AUTOM\u00d3VIL\u00a0: <\/strong><\/h4>\n<p>Por razones pr\u00e1cticas, desaconsejamos el uso de autom\u00f3vil para llegar a PIPOL. No obstante, si no puede hacer de otra manera, le recordamos que el parking en el centro de Bruselas no es gratuito (a veces, los tickets est\u00e1n limitados a 2 horas en determinadas zonas). La ciudad cuenta con una docena de parkings que podr\u00e1 encontrar en varias p\u00e1ginas web comparativas donde podr\u00e1 reservar su plaza de parking en l\u00ednea (<a href=\"http:\/\/www.bepark.eu\/\">www.bepark.eu<\/a>\u00a0\u2013\u00a0<a href=\"https:\/\/www.onepark.fr\/\">https:\/\/www.onepark.fr<\/a>), las empresas de parking son numerosas en nuestra capital (<a href=\"http:\/\/www.interparking.be\/\">www.interparking.be<\/a>\u00a0&#8211;\u00a0<a href=\"http:\/\/www.bepark.eu\/\">www.bepark.eu<\/a>\u00a0\u2013\u00a0etc.). Los parkings m\u00e1s cercanos al congreso son el de Albertine Square, situado justo debajo del Palacio de Congresos (<a href=\"http:\/\/www.interparking.be\/fr-BE\/find-parking\/Albertine-Square\/\">http:\/\/www.interparking.be\/fr-BE\/find-parking\/Albertine-Square\/<\/a>) y el parking Royal, accesible desde la Rue de Ligne(<a href=\"https:\/\/www.parking-royal.be\/\">https:\/\/www.parking-royal.be<\/a>), cerca de la Rue Royale.<\/p>\n<\/div>","protected":false},"excerpt":{"rendered":"<p>Desplazarse por Bruselas La r\u00fabrica \u00ab\u00a0B\u00fasqueda de itinerarios\u00a0\u00bb del sitio web de la STIB, Sociedad de Transporte P\u00fablico de Bruselas\u00a0: http:\/\/www.stib-mivb.be\/tripplanner\/?l=fr La r\u00fabrica \u00ab\u00a0B\u00fasqueda de itinerarios\u00a0\u00bb del sitio de la SNCB, Sociedad Nacional de Ferrocarriles Belgas\u00a0: http:\/\/www.belgianrail.be Algunas compa\u00f1\u00edas de taxis\u00a0: http:\/\/www.taxi-bruxelles.be http:\/\/www.taxisverts.be http:\/\/www.taxisbleus.be Hospedarse en Bruselas Los participantes de las jornadas PIPOL 11 que [&hellip;]<\/p>\n","protected":false},"author":3,"featured_media":0,"parent":0,"menu_order":0,"comment_status":"closed","ping_status":"closed","template":"","meta":{"spay_email":""},"yoast_head":"<!-- This site is optimized with the Yoast SEO plugin v15.5 - https:\/\/yoast.com\/wordpress\/plugins\/seo\/ -->\n<title>Organizaci\u00f3n - Pipol11<\/title>\n<meta name=\"robots\" content=\"index, follow, max-snippet:-1, max-image-preview:large, max-video-preview:-1\" \/>\n<link rel=\"canonical\" href=\"https:\/\/pipol11.pipolcongres.eu\/es\/organizacion\/\" \/>\n<meta property=\"og:locale\" content=\"es_ES\" \/>\n<meta property=\"og:type\" content=\"article\" \/>\n<meta property=\"og:title\" content=\"Organizaci\u00f3n - Pipol11\" \/>\n<meta property=\"og:description\" content=\"Desplazarse por Bruselas La r\u00fabrica \u00ab\u00a0B\u00fasqueda de itinerarios\u00a0\u00bb del sitio web de la STIB, Sociedad de Transporte P\u00fablico de Bruselas\u00a0: http:\/\/www.stib-mivb.be\/tripplanner\/?l=fr La r\u00fabrica \u00ab\u00a0B\u00fasqueda de itinerarios\u00a0\u00bb del sitio de la SNCB, Sociedad Nacional de Ferrocarriles Belgas\u00a0: http:\/\/www.belgianrail.be Algunas compa\u00f1\u00edas de taxis\u00a0: http:\/\/www.taxi-bruxelles.be http:\/\/www.taxisverts.be http:\/\/www.taxisbleus.be Hospedarse en Bruselas Los participantes de las jornadas PIPOL 11 que [&hellip;]\" \/>\n<meta property=\"og:url\" content=\"https:\/\/pipol11.pipolcongres.eu\/es\/organizacion\/\" \/>\n<meta property=\"og:site_name\" content=\"Pipol11\" \/>\n<meta property=\"article:modified_time\" content=\"2023-02-26T08:50:46+00:00\" \/>\n<meta name=\"twitter:card\" content=\"summary_large_image\" \/>\n<meta name=\"twitter:label1\" content=\"Tiempo de lectura\">\n\t<meta name=\"twitter:data1\" content=\"4 minutos\">\n<script type=\"application\/ld+json\" class=\"yoast-schema-graph\">{\"@context\":\"https:\/\/schema.org\",\"@graph\":[{\"@type\":\"WebSite\",\"@id\":\"https:\/\/pipol11.pipolcongres.eu\/#website\",\"url\":\"https:\/\/pipol11.pipolcongres.eu\/\",\"name\":\"Pipol11\",\"description\":\"\",\"potentialAction\":[{\"@type\":\"SearchAction\",\"target\":\"https:\/\/pipol11.pipolcongres.eu\/?s={search_term_string}\",\"query-input\":\"required name=search_term_string\"}],\"inLanguage\":\"es\"},{\"@type\":\"WebPage\",\"@id\":\"https:\/\/pipol11.pipolcongres.eu\/es\/organizacion\/#webpage\",\"url\":\"https:\/\/pipol11.pipolcongres.eu\/es\/organizacion\/\",\"name\":\"Organizaci\\u00f3n - Pipol11\",\"isPartOf\":{\"@id\":\"https:\/\/pipol11.pipolcongres.eu\/#website\"},\"datePublished\":\"2023-02-26T07:56:09+00:00\",\"dateModified\":\"2023-02-26T08:50:46+00:00\",\"inLanguage\":\"es\",\"potentialAction\":[{\"@type\":\"ReadAction\",\"target\":[\"https:\/\/pipol11.pipolcongres.eu\/es\/organizacion\/\"]}]}]}<\/script>\n<!-- \/ Yoast SEO plugin. -->","amp_validity":null,"amp_enabled":true,"_links":{"self":[{"href":"https:\/\/pipol11.pipolcongres.eu\/es\/wp-json\/wp\/v2\/pages\/4362"}],"collection":[{"href":"https:\/\/pipol11.pipolcongres.eu\/es\/wp-json\/wp\/v2\/pages"}],"about":[{"href":"https:\/\/pipol11.pipolcongres.eu\/es\/wp-json\/wp\/v2\/types\/page"}],"author":[{"embeddable":true,"href":"https:\/\/pipol11.pipolcongres.eu\/es\/wp-json\/wp\/v2\/users\/3"}],"replies":[{"embeddable":true,"href":"https:\/\/pipol11.pipolcongres.eu\/es\/wp-json\/wp\/v2\/comments?post=4362"}],"version-history":[{"count":0,"href":"https:\/\/pipol11.pipolcongres.eu\/es\/wp-json\/wp\/v2\/pages\/4362\/revisions"}],"wp:attachment":[{"href":"https:\/\/pipol11.pipolcongres.eu\/es\/wp-json\/wp\/v2\/media?parent=4362"}],"curies":[{"name":"wp","href":"https:\/\/api.w.org\/{rel}","templated":true}]}}